{"id":193,"date":"2018-09-12T18:44:50","date_gmt":"2018-09-12T18:44:50","guid":{"rendered":"http:\/\/grupoemilacabogados.com\/?page_id=193"},"modified":"2022-07-05T18:02:27","modified_gmt":"2022-07-05T18:02:27","slug":"negocios-inmobiliarios","status":"publish","type":"page","link":"http:\/\/grupoemilacabogados.com\/?page_id=193","title":{"rendered":"Negocios Inmobiliarios"},"content":{"rendered":"\n<h2 class=\"has-text-align-center wp-block-heading\">Negocios Inmobiliarios<\/h2>\n\n\n\n<div style=\"height:40px\" aria-hidden=\"true\" class=\"wp-block-spacer\"><\/div>\n\n\n\n<div class=\"wp-block-columns has-3-columns is-layout-flex wp-container-core-columns-is-layout-9d6595d7 wp-block-columns-is-layout-flex\">\n<div class=\"wp-block-column is-layout-flow wp-block-column-is-layout-flow\">\n<figure class=\"wp-block-image\"><img loading=\"lazy\" decoding=\"async\" width=\"300\" height=\"180\" src=\"http:\/\/grupoemilacabogados.com\/wp-content\/uploads\/2018\/09\/corintio-2-300x180.jpg\" alt=\"\" class=\"wp-image-399\" srcset=\"http:\/\/grupoemilacabogados.com\/wp-content\/uploads\/2018\/09\/corintio-2-300x180.jpg 300w, http:\/\/grupoemilacabogados.com\/wp-content\/uploads\/2018\/09\/corintio-2-405x243.jpg 405w, http:\/\/grupoemilacabogados.com\/wp-content\/uploads\/2018\/09\/corintio-2.jpg 500w\" sizes=\"auto, (max-width: 300px) 100vw, 300px\" \/><\/figure>\n<\/div>\n\n\n\n<div class=\"wp-block-column is-layout-flow wp-block-column-is-layout-flow\">\n<figure class=\"wp-block-image\"><img loading=\"lazy\" decoding=\"async\" width=\"300\" height=\"188\" src=\"http:\/\/grupoemilacabogados.com\/wp-content\/uploads\/2018\/09\/parque-industrial-1-300x188.jpg\" alt=\"\" class=\"wp-image-400\" srcset=\"http:\/\/grupoemilacabogados.com\/wp-content\/uploads\/2018\/09\/parque-industrial-1-300x188.jpg 300w, http:\/\/grupoemilacabogados.com\/wp-content\/uploads\/2018\/09\/parque-industrial-1-768x480.jpg 768w, http:\/\/grupoemilacabogados.com\/wp-content\/uploads\/2018\/09\/parque-industrial-1-405x253.jpg 405w, http:\/\/grupoemilacabogados.com\/wp-content\/uploads\/2018\/09\/parque-industrial-1.jpg 833w\" sizes=\"auto, (max-width: 300px) 100vw, 300px\" \/><\/figure>\n<\/div>\n\n\n\n<div class=\"wp-block-column is-layout-flow wp-block-column-is-layout-flow\">\n<figure class=\"wp-block-image\"><img loading=\"lazy\" decoding=\"async\" width=\"300\" height=\"190\" src=\"http:\/\/grupoemilacabogados.com\/wp-content\/uploads\/2018\/11\/comercial-300x190.jpg\" alt=\"\" class=\"wp-image-836\" srcset=\"http:\/\/grupoemilacabogados.com\/wp-content\/uploads\/2018\/11\/comercial-300x190.jpg 300w, http:\/\/grupoemilacabogados.com\/wp-content\/uploads\/2018\/11\/comercial-768x485.jpg 768w, http:\/\/grupoemilacabogados.com\/wp-content\/uploads\/2018\/11\/comercial-1024x647.jpg 1024w, http:\/\/grupoemilacabogados.com\/wp-content\/uploads\/2018\/11\/comercial-405x256.jpg 405w, http:\/\/grupoemilacabogados.com\/wp-content\/uploads\/2018\/11\/comercial.jpg 1589w\" sizes=\"auto, (max-width: 300px) 100vw, 300px\" \/><\/figure>\n<\/div>\n<\/div>\n\n\n\n<p class=\"has-text-align-center\" style=\"font-size:21px\"> <br>Asesoramos, estructuramos y vigilamos jur\u00eddicamente a los negocios inmobiliarios,<br>para soportar y facilitar su operaci\u00f3n y su \u00e9xito. <br><br><\/p>\n\n\n<div class=\"wp-block-spacer\" style=\"height: 100px;\" aria-hidden=\"true\"><img loading=\"lazy\" decoding=\"async\" class=\" wp-image-849 aligncenter\" src=\"http:\/\/grupoemilacabogados.com\/wp-content\/uploads\/2018\/11\/mercantiltex-300x105.jpg\" alt=\"\" width=\"554\" height=\"194\" srcset=\"http:\/\/grupoemilacabogados.com\/wp-content\/uploads\/2018\/11\/mercantiltex-300x105.jpg 300w, http:\/\/grupoemilacabogados.com\/wp-content\/uploads\/2018\/11\/mercantiltex-768x268.jpg 768w, http:\/\/grupoemilacabogados.com\/wp-content\/uploads\/2018\/11\/mercantiltex-1024x357.jpg 1024w, http:\/\/grupoemilacabogados.com\/wp-content\/uploads\/2018\/11\/mercantiltex-405x141.jpg 405w, http:\/\/grupoemilacabogados.com\/wp-content\/uploads\/2018\/11\/mercantiltex.jpg 1742w\" sizes=\"auto, (max-width: 554px) 100vw, 554px\" \/><\/div>\r\n<div aria-hidden=\"true\">\u00a0<\/div>\r\n<div aria-hidden=\"true\">\u00a0<\/div>\r\n<div aria-hidden=\"true\">\u00a0<\/div>\n\n\n<div style=\"height:100px\" aria-hidden=\"true\" class=\"wp-block-spacer\"><\/div>\n\n\n\n<div class=\"wp-block-columns has-7-columns is-layout-flex wp-container-core-columns-is-layout-9d6595d7 wp-block-columns-is-layout-flex\">\n<div class=\"wp-block-column is-layout-flow wp-block-column-is-layout-flow\">\n<p><\/p>\n<\/div>\n\n\n\n<div class=\"wp-block-column is-layout-flow wp-block-column-is-layout-flow\">\n<figure class=\"wp-block-image\"><a href=\"http:\/\/grupoemilacabogados.com\/?page_id=194\"><img loading=\"lazy\" decoding=\"async\" width=\"150\" height=\"150\" src=\"http:\/\/grupoemilacabogados.com\/wp-content\/uploads\/2018\/09\/agro-150x150.jpg\" alt=\"\" class=\"wp-image-317\"\/><\/a><\/figure>\n\n\n\n<p><a href=\"http:\/\/grupoemilacabogados.com\/?page_id=194\"><strong>&nbsp; &nbsp; &nbsp; &nbsp; Agronegocios<\/strong><\/a><\/p>\n<\/div>\n\n\n\n<div class=\"wp-block-column is-layout-flow wp-block-column-is-layout-flow\">\n<figure class=\"wp-block-image\"><a href=\"http:\/\/grupoemilacabogados.com\/?page_id=194\"><img loading=\"lazy\" decoding=\"async\" width=\"150\" height=\"150\" src=\"http:\/\/grupoemilacabogados.com\/wp-content\/uploads\/2018\/09\/contratooo-150x150.jpg\" alt=\"\" class=\"wp-image-322\"\/><\/a><\/figure>\n\n\n\n<p><a href=\"http:\/\/grupoemilacabogados.com\/?page_id=195\"><strong>Asuntos Mercantiles y Negocios en General<\/strong><\/a><\/p>\n<\/div>\n\n\n\n<div class=\"wp-block-column is-layout-flow wp-block-column-is-layout-flow\">\n<figure class=\"wp-block-image\"><a href=\"http:\/\/grupoemilacabogados.com\/?page_id=196\"><img loading=\"lazy\" decoding=\"async\" width=\"150\" height=\"150\" src=\"http:\/\/grupoemilacabogados.com\/wp-content\/uploads\/2018\/09\/servimos-asociaciones-150x150.jpg\" alt=\"\" class=\"wp-image-325\"\/><\/a><\/figure>\n\n\n\n<p><a href=\"http:\/\/grupoemilacabogados.com\/?page_id=196\"><strong>Derecho Corporativo<\/strong><\/a><\/p>\n<\/div>\n\n\n\n<div class=\"wp-block-column is-layout-flow wp-block-column-is-layout-flow\">\n<figure class=\"wp-block-image\"><a href=\"http:\/\/grupoemilacabogados.com\/?page_id=197\"><img loading=\"lazy\" decoding=\"async\" width=\"150\" height=\"150\" src=\"http:\/\/grupoemilacabogados.com\/wp-content\/uploads\/2018\/10\/firma-laboral-1-150x150.jpg\" alt=\"\" class=\"wp-image-548\"\/><\/a><\/figure>\n\n\n\n<p><a href=\"http:\/\/grupoemilacabogados.com\/?page_id=197\"><strong>Asuntos Laborales<\/strong><\/a><\/p>\n<\/div>\n\n\n\n<div class=\"wp-block-column is-layout-flow wp-block-column-is-layout-flow\">\n<figure class=\"wp-block-image\"><a href=\"http:\/\/grupoemilacabogados.com\/?page_id=216\"><img loading=\"lazy\" decoding=\"async\" width=\"150\" height=\"150\" src=\"http:\/\/grupoemilacabogados.com\/wp-content\/uploads\/2018\/09\/monetarios-150x150.jpg\" alt=\"\" class=\"wp-image-328\"\/><\/a><\/figure>\n\n\n\n<p><a href=\"http:\/\/grupoemilacabogados.com\/?page_id=216\"><strong>Asuntos Financieros y Bancarios<\/strong><\/a><\/p>\n<\/div>\n\n\n\n<div class=\"wp-block-column is-layout-flow wp-block-column-is-layout-flow\">\n<p><\/p>\n<\/div>\n<\/div>\n\n\n\n<div class=\"wp-block-spacer\" style=\"height: 100px;\" aria-hidden=\"true\">\u00a0<\/div>\n\n\n\n<hr class=\"wp-block-separator has-css-opacity\"\/>\n\n\n\n<div class=\"wp-block-columns has-5-columns is-layout-flex wp-container-core-columns-is-layout-9d6595d7 wp-block-columns-is-layout-flex\">\n<div class=\"wp-block-column is-layout-flow wp-block-column-is-layout-flow\">\n<p>&nbsp;<\/p>\n<\/div>\n\n\n\n<div class=\"wp-block-column is-layout-flow wp-block-column-is-layout-flow\">\u00a0<\/div>\n\n\n\n<div class=\"wp-block-column is-layout-flow wp-block-column-is-layout-flow\">\u00a0<\/div>\n\n\n\n<div class=\"wp-block-column is-layout-flow wp-block-column-is-layout-flow\">\u00a0<\/div>\n\n\n\n<div class=\"wp-block-column is-layout-flow wp-block-column-is-layout-flow\">\n<p><strong>&nbsp; &nbsp; &nbsp; &nbsp; &nbsp; &nbsp;&nbsp;<a href=\"http:\/\/grupoemilacabogados.com\/?page_id=10\">Contacto<\/a><\/strong><\/p>\n\n\n<div class=\"wp-block-image\">\n<figure class=\"aligncenter\"><a href=\"http:\/\/grupoemilacabogados.com\/?page_id=10\"><img loading=\"lazy\" decoding=\"async\" width=\"150\" height=\"150\" src=\"http:\/\/grupoemilacabogados.com\/wp-content\/uploads\/2018\/10\/INICIO-150x150.jpg\" alt=\"\" class=\"wp-image-638\"\/><\/a><figcaption><a href=\"http:\/\/grupoemilacabogados.com\/?page_id=10\"><strong>Sus Abogados de Confianza<\/strong><\/a><\/figcaption><\/figure>\n<\/div><\/div>\n<\/div>\n","protected":false},"excerpt":{"rendered":"<p>Negocios Inmobiliarios Asesoramos, estructuramos y vigilamos jur\u00eddicamente a los negocios inmobiliarios,para soportar y facilitar su operaci\u00f3n y su \u00e9xito. \u00a0 \u00a0 \u00a0 &nbsp; &nbsp; &nbsp; &nbsp; Agronegocios Asuntos Mercantiles y Negocios en General Derecho Corporativo Asuntos Laborales Asuntos Financieros y Bancarios &nbsp; \u00a0 \u00a0 \u00a0 &nbsp; &nbsp; &nbsp; &nbsp; &nbsp; &hellip;<\/p>\n","protected":false},"author":1,"featured_media":0,"parent":0,"menu_order":0,"comment_status":"closed","ping_status":"closed","template":"","meta":{"footnotes":""},"class_list":["post-193","page","type-page","status-publish","hentry"],"_links":{"self":[{"href":"http:\/\/grupoemilacabogados.com\/index.php?rest_route=\/wp\/v2\/pages\/193","targetHints":{"allow":["GET"]}}],"collection":[{"href":"http:\/\/grupoemilacabogados.com\/index.php?rest_route=\/wp\/v2\/pages"}],"about":[{"href":"http:\/\/grupoemilacabogados.com\/index.php?rest_route=\/wp\/v2\/types\/page"}],"author":[{"embeddable":true,"href":"http:\/\/grupoemilacabogados.com\/index.php?rest_route=\/wp\/v2\/users\/1"}],"replies":[{"embeddable":true,"href":"http:\/\/grupoemilacabogados.com\/index.php?rest_route=%2Fwp%2Fv2%2Fcomments&post=193"}],"version-history":[{"count":35,"href":"http:\/\/grupoemilacabogados.com\/index.php?rest_route=\/wp\/v2\/pages\/193\/revisions"}],"predecessor-version":[{"id":905,"href":"http:\/\/grupoemilacabogados.com\/index.php?rest_route=\/wp\/v2\/pages\/193\/revisions\/905"}],"wp:attachment":[{"href":"http:\/\/grupoemilacabogados.com\/index.php?rest_route=%2Fwp%2Fv2%2Fmedia&parent=193"}],"curies":[{"name":"wp","href":"https:\/\/api.w.org\/{rel}","templated":true}]}}